{"id":20773,"date":"2024-11-28T20:27:57","date_gmt":"2024-11-28T19:27:57","guid":{"rendered":"https:\/\/www.gallericarl.com\/?post_type=tribe_events&#038;p=20773"},"modified":"2025-11-09T08:40:25","modified_gmt":"2025-11-09T07:40:25","slug":"stanislaw-zoladz","status":"publish","type":"tribe_events","link":"https:\/\/gallericarl.com\/sv\/event\/stanislaw-zoladz\/","title":{"rendered":"Stanislaw Zoladz"},"content":{"rendered":"<p>F\u00f6dd 1952 i Krakow<br \/>\nBosatt och verksam i Stockholm sedan 1978<\/p>\n<p>Att Stanislaw Zoladz \u00e4r en av Sveriges skickligaste akvarellm\u00e5lare \u00e4r obestridligt, hans\nmeritlistan och utst\u00e4llningar \u00e4r l\u00e5nga och imponerande. Att m\u00e5la akvarell skiljer sig fr\u00e5n allt\nannat m\u00e5leri. M\u00e5lar man i olja eller akryl kan man h\u00e5lla p\u00e5 n\u00e4stan hur l\u00e4nge som helst, l\u00e4gga\ntill eller dra ifr\u00e5n och l\u00e4gga till igen, metodisk addera lager till lager. N\u00e4r man m\u00e5lar akvarell\narbetar man i ett intensivt nu.<\/p>\n<p>Vattnet \u00e4r det trollsp\u00f6 som kan f\u00e5 pigmenten p\u00e5 pappret att leva och dansa, men bara under ett kort \u00f6gonblick som snabb torkar bort. Under den tiden skall mycket s\u00e4gas, \u00f6gats intryck och \u00e5rtals erfarenheter ska samlas och m\u00f6tas i penselns\nspets.<\/p>\n<p>S\u00e5 \u00e4r det n\u00e4r man i form, s\u00e4ger Stanislaw och l\u00e5ter som en blandning av en zenbuddist\noch en idrottsman:<br \/>\n\u201dman m\u00e5ste toppa formen n\u00e4r man ska vara ute i naturen och m\u00e5la. Om man haft ett uppeh\u00e5ll i m\u00e5landet t\u00e4nker man f\u00f6r mycket, man kommer av sig, man har f\u00f6rlorat f\u00f6rm\u00e5gan att tolka f\u00e4rger och man blir os\u00e4ker. Numera vet jag att det tar en vecka att komma ig\u00e5ng igen efter ett uppeh\u00e5ll, under den veckan f\u00e5r jag sl\u00e4nga n\u00e4stan allt jag g\u00f6r. Sedan, n\u00e4r man b\u00f6rjat m\u00e5la utan att t\u00e4nka, kan det bli bra. Allt handlar om koncentration, om att vara n\u00e4rvarande just nu.\u201d<\/p>\n<p>\u00d6ppettider:<\/p>\n<p>Torsdag och fredag: 16.00 \u2013 19.00<br \/>\nL\u00f6rdag och s\u00f6ndag: 12.00 \u2013 17.00<\/p>\n<p>&nbsp;<\/p>\n<p><img fetchpriority=\"high\" decoding=\"async\" class=\"alignnone wp-image-20917 size-expo-thumb-masonry\" src=\"https:\/\/www.gallericarl.com\/wp-content\/uploads\/2024\/11\/IMG_5652-410x308.webp\" alt=\"\" width=\"410\" height=\"308\" srcset=\"https:\/\/gallericarl.com\/wp-content\/uploads\/2024\/11\/IMG_5652-410x308.webp 410w, https:\/\/gallericarl.com\/wp-content\/uploads\/2024\/11\/IMG_5652-300x225.webp 300w, https:\/\/gallericarl.com\/wp-content\/uploads\/2024\/11\/IMG_5652-1024x768.webp 1024w, https:\/\/gallericarl.com\/wp-content\/uploads\/2024\/11\/IMG_5652-768x576.webp 768w, https:\/\/gallericarl.com\/wp-content\/uploads\/2024\/11\/IMG_5652-1536x1152.webp 1536w, https:\/\/gallericarl.com\/wp-content\/uploads\/2024\/11\/IMG_5652-16x12.webp 16w, https:\/\/gallericarl.com\/wp-content\/uploads\/2024\/11\/IMG_5652-370x278.webp 370w, https:\/\/gallericarl.com\/wp-content\/uploads\/2024\/11\/IMG_5652-840x630.webp 840w, https:\/\/gallericarl.com\/wp-content\/uploads\/2024\/11\/IMG_5652.webp 2016w\" sizes=\"(max-width: 600px) 100vw, 410px\" \/>\u00a0 \u00a0 <img decoding=\"async\" class=\"alignnone wp-image-20919 size-expo-thumb-masonry\" src=\"https:\/\/www.gallericarl.com\/wp-content\/uploads\/2024\/11\/IMG_5650-_1_-410x308.webp\" alt=\"\" width=\"410\" height=\"308\" srcset=\"https:\/\/gallericarl.com\/wp-content\/uploads\/2024\/11\/IMG_5650-_1_-410x308.webp 410w, https:\/\/gallericarl.com\/wp-content\/uploads\/2024\/11\/IMG_5650-_1_-300x225.webp 300w, https:\/\/gallericarl.com\/wp-content\/uploads\/2024\/11\/IMG_5650-_1_-1024x768.webp 1024w, https:\/\/gallericarl.com\/wp-content\/uploads\/2024\/11\/IMG_5650-_1_-768x576.webp 768w, https:\/\/gallericarl.com\/wp-content\/uploads\/2024\/11\/IMG_5650-_1_-1536x1152.webp 1536w, https:\/\/gallericarl.com\/wp-content\/uploads\/2024\/11\/IMG_5650-_1_-16x12.webp 16w, https:\/\/gallericarl.com\/wp-content\/uploads\/2024\/11\/IMG_5650-_1_-370x278.webp 370w, https:\/\/gallericarl.com\/wp-content\/uploads\/2024\/11\/IMG_5650-_1_-840x630.webp 840w, https:\/\/gallericarl.com\/wp-content\/uploads\/2024\/11\/IMG_5650-_1_.webp 2016w\" sizes=\"(max-width: 600px) 100vw, 410px\" \/><\/p>","protected":false},"excerpt":{"rendered":"<p>Att Stanislaw Zoladz \u00e4r en av Sveriges skickligaste akvarellm\u00e5lare \u00e4r obestridligt, hans\nmeritlistan och utst\u00e4llningar \u00e4r l\u00e5nga och imponerande. Att m\u00e5la akvarell skiljer sig fr\u00e5n allt\nannat m\u00e5leri. M\u00e5lar man i olja eller akryl kan man h\u00e5lla p\u00e5 n\u00e4stan hur l\u00e4nge som helst, l\u00e4gga\ntill eller dra ifr\u00e5n och l\u00e4gga till igen, metodisk addera lager till lager. N\u00e4r man m\u00e5lar akvarell\narbetar man i ett intensivt nu.<\/p>","protected":false},"author":1,"featured_media":21325,"comment_status":"closed","ping_status":"closed","template":"","meta":{"_tribe_events_status":"","_tribe_events_status_reason":"","footnotes":""},"tags":[11,162,362,348,160,341,360,153,347,354,350,365,338,366],"tribe_events_cat":[196,195],"class_list":["post-20773","tribe_events","type-tribe_events","status-publish","has-post-thumbnail","hentry","tag-art","tag-artist","tag-chen-qiang","tag-collage","tag-exhibition","tag-galleri-carl","tag-graphics","tag-news","tag-painting","tag-painting-courses","tag-sculpture","tag-stanislaw-zoladz","tag-stockholm","tag-watercolors","tribe_events_cat-coming-soon","tribe_events_cat-exhibitions","cat_coming-soon","cat_exhibitions"],"_links":{"self":[{"href":"https:\/\/gallericarl.com\/sv\/wp-json\/wp\/v2\/tribe_events\/20773","targetHints":{"allow":["GET"]}}],"collection":[{"href":"https:\/\/gallericarl.com\/sv\/wp-json\/wp\/v2\/tribe_events"}],"about":[{"href":"https:\/\/gallericarl.com\/sv\/wp-json\/wp\/v2\/types\/tribe_events"}],"author":[{"embeddable":true,"href":"https:\/\/gallericarl.com\/sv\/wp-json\/wp\/v2\/users\/1"}],"replies":[{"embeddable":true,"href":"https:\/\/gallericarl.com\/sv\/wp-json\/wp\/v2\/comments?post=20773"}],"version-history":[{"count":0,"href":"https:\/\/gallericarl.com\/sv\/wp-json\/wp\/v2\/tribe_events\/20773\/revisions"}],"wp:featuredmedia":[{"embeddable":true,"href":"https:\/\/gallericarl.com\/sv\/wp-json\/wp\/v2\/media\/21325"}],"wp:attachment":[{"href":"https:\/\/gallericarl.com\/sv\/wp-json\/wp\/v2\/media?parent=20773"}],"wp:term":[{"taxonomy":"post_tag","embeddable":true,"href":"https:\/\/gallericarl.com\/sv\/wp-json\/wp\/v2\/tags?post=20773"},{"taxonomy":"tribe_events_cat","embeddable":true,"href":"https:\/\/gallericarl.com\/sv\/wp-json\/wp\/v2\/tribe_events_cat?post=20773"}],"curies":[{"name":"wp","href":"https:\/\/api.w.org\/{rel}","templated":true}]}}