{"id":754,"date":"2020-04-25T11:10:40","date_gmt":"2020-04-25T11:10:40","guid":{"rendered":"https:\/\/www.gallericarl.com\/?post_type=cpt_services&#038;p=754"},"modified":"2025-01-14T13:06:55","modified_gmt":"2025-01-14T12:06:55","slug":"space-for-events","status":"publish","type":"cpt_services","link":"https:\/\/gallericarl.com\/sv\/services\/space-for-events\/","title":{"rendered":"Utrymme f\u00f6r Evenemang"},"content":{"rendered":"<p>Lyft dina speciella tillf\u00e4llen i v\u00e5rt galleris m\u00e5ngsidiga evenemangsutrymme. Oavsett om du planerar poesikv\u00e4llar, boklanseringar eller n\u00e5gon annan unik sammankomst, erbjuder v\u00e5rt galleri en exceptionell milj\u00f6. <\/p>\n\n\n\n<h5 class=\"wp-block-heading\">Evenemangspromotion<\/h5>\n\n\n\n<p>Ut\u00f6ver bara utrymme erbjuder vi ett partnerskap som str\u00e4cker sig till att marknadsf\u00f6ra dina evenemang p\u00e5 v\u00e5r webbplats och \u00f6ver v\u00e5ra aktiva sociala medieplattformar, vilket s\u00e4kerst\u00e4ller att dina evenemang f\u00e5r den uppm\u00e4rksamhet de f\u00f6rtj\u00e4nar. L\u00e5t oss vara din samarbetspartner i att skapa of\u00f6rgl\u00f6mliga minnen i en konstn\u00e4rlig atmosf\u00e4r.<\/p>\n\n\n\n<div style=\"height:20px\" aria-hidden=\"true\" class=\"wp-block-spacer extra_tiny_spacer\"><\/div>\n\n\n\n<figure class=\"wp-block-gallery has-nested-images columns-default is-cropped wp-block-gallery-1 is-layout-flex wp-block-gallery-is-layout-flex\">\n<figure class=\"wp-block-image size-large\"><img fetchpriority=\"high\" decoding=\"async\" width=\"1024\" height=\"697\" data-id=\"20489\" src=\"https:\/\/www.gallericarl.com\/wp-content\/uploads\/2024\/03\/d73bedd0-96e5-4134-bebb-92b71c28ede9-1024x697.jpg\" alt=\"\" class=\"wp-image-20489\" srcset=\"https:\/\/gallericarl.com\/wp-content\/uploads\/2024\/03\/d73bedd0-96e5-4134-bebb-92b71c28ede9-1024x697.jpg 1024w, https:\/\/gallericarl.com\/wp-content\/uploads\/2024\/03\/d73bedd0-96e5-4134-bebb-92b71c28ede9-300x204.jpg 300w, https:\/\/gallericarl.com\/wp-content\/uploads\/2024\/03\/d73bedd0-96e5-4134-bebb-92b71c28ede9-768x522.jpg 768w, https:\/\/gallericarl.com\/wp-content\/uploads\/2024\/03\/d73bedd0-96e5-4134-bebb-92b71c28ede9-1536x1045.jpg 1536w, https:\/\/gallericarl.com\/wp-content\/uploads\/2024\/03\/d73bedd0-96e5-4134-bebb-92b71c28ede9-18x12.jpg 18w, https:\/\/gallericarl.com\/wp-content\/uploads\/2024\/03\/d73bedd0-96e5-4134-bebb-92b71c28ede9-370x252.jpg 370w, https:\/\/gallericarl.com\/wp-content\/uploads\/2024\/03\/d73bedd0-96e5-4134-bebb-92b71c28ede9-840x571.jpg 840w, https:\/\/gallericarl.com\/wp-content\/uploads\/2024\/03\/d73bedd0-96e5-4134-bebb-92b71c28ede9-410x279.jpg 410w, https:\/\/gallericarl.com\/wp-content\/uploads\/2024\/03\/d73bedd0-96e5-4134-bebb-92b71c28ede9.jpg 2048w\" sizes=\"(max-width: 1024px) 100vw, 1024px\" \/><\/figure>\n\n\n\n<figure class=\"wp-block-image size-large\"><img decoding=\"async\" width=\"1024\" height=\"683\" data-id=\"20350\" src=\"https:\/\/www.gallericarl.com\/wp-content\/uploads\/2024\/01\/service-image2SS-1024x683.jpg\" alt=\"\" class=\"wp-image-20350\" srcset=\"https:\/\/gallericarl.com\/wp-content\/uploads\/2024\/01\/service-image2SS-1024x683.jpg 1024w, https:\/\/gallericarl.com\/wp-content\/uploads\/2024\/01\/service-image2SS-300x200.jpg 300w, https:\/\/gallericarl.com\/wp-content\/uploads\/2024\/01\/service-image2SS-768x512.jpg 768w, https:\/\/gallericarl.com\/wp-content\/uploads\/2024\/01\/service-image2SS-1536x1024.jpg 1536w, https:\/\/gallericarl.com\/wp-content\/uploads\/2024\/01\/service-image2SS-370x247.jpg 370w, https:\/\/gallericarl.com\/wp-content\/uploads\/2024\/01\/service-image2SS-840x560.jpg 840w, https:\/\/gallericarl.com\/wp-content\/uploads\/2024\/01\/service-image2SS-410x273.jpg 410w, https:\/\/gallericarl.com\/wp-content\/uploads\/2024\/01\/service-image2SS-600x400.jpg 600w, https:\/\/gallericarl.com\/wp-content\/uploads\/2024\/01\/service-image2SS.jpg 1920w\" sizes=\"(max-width: 1024px) 100vw, 1024px\" \/><\/figure>\n<\/figure>\n\n\n\n<h6 class=\"wp-block-heading\">Redo att f\u00f6rvandla ditt evenemang till ett konstverk?<br><\/h6>","protected":false},"excerpt":{"rendered":"<p>Oavsett om du planerar poesikv\u00e4llar eller boklanseringar erbjuder v\u00e5rt galleri en enast\u00e5ende milj\u00f6.<\/p>","protected":false},"author":1,"featured_media":20979,"comment_status":"closed","ping_status":"closed","template":"","cpt_services_group":[28],"class_list":["post-754","cpt_services","type-cpt_services","status-publish","has-post-thumbnail","hentry","cpt_services_group-what-we-offer"],"_links":{"self":[{"href":"https:\/\/gallericarl.com\/sv\/wp-json\/wp\/v2\/cpt_services\/754","targetHints":{"allow":["GET"]}}],"collection":[{"href":"https:\/\/gallericarl.com\/sv\/wp-json\/wp\/v2\/cpt_services"}],"about":[{"href":"https:\/\/gallericarl.com\/sv\/wp-json\/wp\/v2\/types\/cpt_services"}],"author":[{"embeddable":true,"href":"https:\/\/gallericarl.com\/sv\/wp-json\/wp\/v2\/users\/1"}],"replies":[{"embeddable":true,"href":"https:\/\/gallericarl.com\/sv\/wp-json\/wp\/v2\/comments?post=754"}],"wp:featuredmedia":[{"embeddable":true,"href":"https:\/\/gallericarl.com\/sv\/wp-json\/wp\/v2\/media\/20979"}],"wp:attachment":[{"href":"https:\/\/gallericarl.com\/sv\/wp-json\/wp\/v2\/media?parent=754"}],"wp:term":[{"taxonomy":"cpt_services_group","embeddable":true,"href":"https:\/\/gallericarl.com\/sv\/wp-json\/wp\/v2\/cpt_services_group?post=754"}],"curies":[{"name":"wp","href":"https:\/\/api.w.org\/{rel}","templated":true}]}}